{"id":1924,"date":"2025-11-15T14:51:58","date_gmt":"2025-11-15T13:51:58","guid":{"rendered":"https:\/\/caroleclero.com\/?page_id=1924"},"modified":"2025-11-17T15:06:40","modified_gmt":"2025-11-17T14:06:40","slug":"quietude-du-jardin","status":"publish","type":"page","link":"https:\/\/caroleclero.com\/index.php\/projets\/amenagement\/quietude-du-jardin\/","title":{"rendered":"Qui\u00e9tude du jardin"},"content":{"rendered":"<div data-colibri-id=\"1924-c1\" class=\"style-513 style-local-1924-c1 position-relative\">\n  <!---->\n  <div data-colibri-component=\"section\" data-colibri-id=\"1924-c2\" id=\"custom\" class=\"h-section h-section-global-spacing d-flex align-items-lg-center align-items-md-center align-items-center style-514 style-local-1924-c2 position-relative\">\n    <!---->\n    <!---->\n    <div class=\"h-section-grid-container h-section-boxed-container\">\n      <!---->\n      <div data-colibri-id=\"1924-c3\" class=\"h-row-container gutters-row-lg-2 gutters-row-md-2 gutters-row-0 gutters-row-v-lg-2 gutters-row-v-md-2 gutters-row-v-2 style-515 style-local-1924-c3 position-relative\">\n        <!---->\n        <div class=\"h-row justify-content-lg-center justify-content-md-center justify-content-center align-items-lg-stretch align-items-md-stretch align-items-stretch gutters-col-lg-2 gutters-col-md-2 gutters-col-0 gutters-col-v-lg-2 gutters-col-v-md-2 gutters-col-v-2\">\n          <!---->\n          <div class=\"h-column h-column-container d-flex h-col-lg-6 h-col-md-6 h-col-12 style-516-outer style-local-1924-c4-outer\">\n            <div data-colibri-id=\"1924-c4\" class=\"d-flex h-flex-basis h-column__inner h-px-lg-2 h-px-md-2 h-px-2 v-inner-lg-2 v-inner-md-2 v-inner-2 style-516 style-local-1924-c4 position-relative\">\n              <!---->\n              <!---->\n              <div class=\"w-100 h-y-container h-column__content h-column__v-align flex-basis-100 align-self-lg-start align-self-md-start align-self-start\">\n                <!---->\n                <div data-colibri-id=\"1924-c5\" class=\"h-global-transition-all h-heading style-518 style-local-1924-c5 position-relative h-element\">\n                  <!---->\n                  <div class=\"h-heading__outer style-518 style-local-1924-c5\">\n                    <!---->\n                    <!---->\n                    <h3 class=\"\">Constat<\/h3>\n                  <\/div>\n                <\/div>\n                <div data-colibri-id=\"1924-c6\" class=\"h-text h-text-component style-519 style-local-1924-c6 position-relative h-element\">\n                  <!---->\n                  <!---->\n                  <div class=\"\">\n                    <p>La maison d\u00e9veloppe un surface vitr\u00e9e int\u00e9ressante en fa\u00e7ade Sud avec des vues sur son jardin. C&#8217;est un rez-de-chauss\u00e9e avec beaucoup de s\u00e9parations de pi\u00e8ces desservies par un long couloir. Les combles sont accessibles par une trappe\n                      d&#8217;acc\u00e8s.<\/p>\n                  <\/div>\n                <\/div>\n              <\/div>\n            <\/div>\n          <\/div>\n          <div class=\"h-column h-column-container d-flex h-col-lg-6 h-col-md-6 h-col-12 style-517-outer style-local-1924-c7-outer\">\n            <div data-colibri-id=\"1924-c7\" class=\"d-flex h-flex-basis h-column__inner h-px-lg-2 h-px-md-2 h-px-2 v-inner-lg-2 v-inner-md-2 v-inner-2 style-517 style-local-1924-c7 position-relative\">\n              <!---->\n              <!---->\n              <div class=\"w-100 h-y-container h-column__content h-column__v-align flex-basis-100 align-self-lg-start align-self-md-start align-self-start\">\n                <!---->\n                <div data-colibri-id=\"1924-c8\" class=\"h-global-transition-all h-heading style-520 style-local-1924-c8 position-relative h-element\">\n                  <!---->\n                  <div class=\"h-heading__outer style-520 style-local-1924-c8\">\n                    <!---->\n                    <!---->\n                    <h3 class=\"\">Id\u00e9e<\/h3>\n                  <\/div>\n                <\/div>\n                <div data-colibri-id=\"1924-c9\" class=\"h-text h-text-component style-521 style-local-1924-c9 position-relative h-element\">\n                  <!---->\n                  <!---->\n                  <div class=\"\">\n                    <p>R\u00e9organiser les pi\u00e8ces en rez-de-chauss\u00e9e et am\u00e9nager les combles. Les all\u00e8ges des ouvertures sont d\u00e9pos\u00e9es pour ouvrir l&#8217;espace de vie et les chambres en rez-de-chauss\u00e9e sur le grand jardin. Un pignon en fa\u00e7ade redonne de l&#8217;espace\n                      dans les combles am\u00e9nag\u00e9s accessibles par l&#8217;escalier dont la hauteur est compens\u00e9e par des ch\u00e2ssis vitr\u00e9s. <\/p>\n                    <p>La nature est entr\u00e9e dans la maison o\u00f9 il fait bon se poser. <\/p>\n                  <\/div>\n                <\/div>\n              <\/div>\n            <\/div>\n          <\/div>\n        <\/div>\n      <\/div>\n    <\/div>\n  <\/div>\n  <div data-colibri-component=\"section\" data-colibri-id=\"1924-c10\" id=\"custom-2\" class=\"h-section h-section-global-spacing d-flex align-items-lg-center align-items-md-center align-items-center style-522 style-local-1924-c10 position-relative\">\n    <!---->\n    <!---->\n    <div class=\"h-section-grid-container h-section-boxed-container\">\n      <!---->\n      <div data-colibri-id=\"1924-c11\" class=\"h-row-container gutters-row-lg-2 gutters-row-md-2 gutters-row-0 gutters-row-v-lg-2 gutters-row-v-md-2 gutters-row-v-2 style-525 style-local-1924-c11 position-relative\">\n        <!---->\n        <div class=\"h-row justify-content-lg-center justify-content-md-center justify-content-center align-items-lg-stretch align-items-md-stretch align-items-stretch gutters-col-lg-2 gutters-col-md-2 gutters-col-0 gutters-col-v-lg-2 gutters-col-v-md-2 gutters-col-v-2\">\n          <!---->\n          <div class=\"h-column h-column-container d-flex h-col-lg-auto h-col-md-auto h-col-auto style-526-outer style-local-1924-c12-outer\">\n            <div data-colibri-id=\"1924-c12\" class=\"d-flex h-flex-basis h-column__inner h-px-lg-2 h-px-md-2 h-px-2 v-inner-lg-2 v-inner-md-2 v-inner-2 style-526 style-local-1924-c12 position-relative\">\n              <!---->\n              <!---->\n              <div class=\"w-100 h-y-container h-column__content h-column__v-align flex-basis-100 align-self-lg-start align-self-md-start align-self-start\">\n                <!---->\n                <div data-colibri-component=\"masonry\" data-colibri-id=\"1924-c13\" class=\"h-photo-gallery margin-none caption-none style-527 style-local-1924-c13 position-relative h-element\">\n                  <!---->\n                  <div class=\"h-global-transition-all\"><div id='colibri-1924-c13' class='gallery-wrapper'>    <style type=\"text\/css\">\n\n        @media (min-width: 1023px) {        #colibri-1924-c13        dl {\n            float: left;\n            width: 100% !important;\n            max-width: 100% !important;\n            min-width: 100% !important;\n        }\n\n        #colibri-1924-c13        dl:nth-of-type(1n +1 ) {\n            clear: both;\n        }\n\n        }@media (min-width: 768px) and (max-width: 1023px) {        #colibri-1924-c13        dl {\n            float: left;\n            width: 100% !important;\n            max-width: 100% !important;\n            min-width: 100% !important;\n        }\n\n        #colibri-1924-c13        dl:nth-of-type(1n +1 ) {\n            clear: both;\n        }\n\n        }@media (max-width: 767px) {        #colibri-1924-c13        dl {\n            float: left;\n            width: 100% !important;\n            max-width: 100% !important;\n            min-width: 100% !important;\n        }\n\n        #colibri-1924-c13        dl:nth-of-type(1n +1 ) {\n            clear: both;\n        }\n\n        }\n        #colibri-1924-c13        .gallery-item {\n            position: relative;\n        }\n\n        \n    <\/style>\n    <div   class='colibri-1924-c13-dls-wrapper gallery-items-wrapper' ><dl class='gallery-item masonry-item'>\n\t\t\t<dt class='gallery-icon landscape'>\n\t\t\t\t<a data-fancybox=\"colibri-1924-c13-group\" href='https:\/\/caroleclero.com\/wp-content\/uploads\/2025\/11\/AVANT.jpg'><img loading=\"lazy\" decoding=\"async\"  width=\"640\" height=\"480\" src=\"https:\/\/caroleclero.com\/wp-content\/uploads\/2025\/11\/AVANT.jpg\"  class='colibri-1924-c13-image' alt=\"\" aria-describedby=\"gallery-1-1990\" srcset=\"https:\/\/caroleclero.com\/wp-content\/uploads\/2025\/11\/AVANT.jpg 640w, https:\/\/caroleclero.com\/wp-content\/uploads\/2025\/11\/AVANT-300x225.jpg 300w\" sizes=\"auto, (max-width: 640px) 100vw, 640px\" \/><\/a>\n\t\t\t<\/dt>\n\t\t\t\t<div class=\"gallery-caption__wrapper\"><dd class='wp-caption-text gallery-caption' id='gallery-1-1990'>\n\t\t\t\tLa photo AVANT.jpg a \u00e9t\u00e9 r\u00e9duite de 80.77 % le Jeudi 25 Novembre 2021 \u00e0 11:11 par Photo R\u00e9ducteur v4.10 \u00e0 t\u00e9l\u00e9charger sur https:\/\/www.emjysoft.com\/\n\t\t\t\t<\/dd><\/div><\/dl><dl class='gallery-item masonry-item'>\n\t\t\t<dt class='gallery-icon landscape'>\n\t\t\t\t<a data-fancybox=\"colibri-1924-c13-group\" href='https:\/\/caroleclero.com\/wp-content\/uploads\/2025\/11\/Charpente-pendant-travaux-2.jpg'><img loading=\"lazy\" decoding=\"async\"  width=\"681\" height=\"385\" src=\"https:\/\/caroleclero.com\/wp-content\/uploads\/2025\/11\/Charpente-pendant-travaux-2.jpg\"  class='colibri-1924-c13-image' alt=\"\" aria-describedby=\"gallery-1-1993\" srcset=\"https:\/\/caroleclero.com\/wp-content\/uploads\/2025\/11\/Charpente-pendant-travaux-2.jpg 681w, https:\/\/caroleclero.com\/wp-content\/uploads\/2025\/11\/Charpente-pendant-travaux-2-300x170.jpg 300w\" sizes=\"auto, (max-width: 681px) 100vw, 681px\" \/><\/a>\n\t\t\t<\/dt>\n\t\t\t\t<div class=\"gallery-caption__wrapper\"><dd class='wp-caption-text gallery-caption' id='gallery-1-1993'>\n\t\t\t\tLa photo Charpente pendant travaux &#8211; 2.jpg a \u00e9t\u00e9 r\u00e9duite de 53.51 % le Vendredi 28 Janvier 2022 \u00e0 15:01 par Photo R\u00e9ducteur v4.10 \u00e0 t\u00e9l\u00e9charger sur https:\/\/www.emjysoft.com\/\n\t\t\t\t<\/dd><\/div><\/dl><dl class='gallery-item masonry-item'>\n\t\t\t<dt class='gallery-icon landscape'>\n\t\t\t\t<a data-fancybox=\"colibri-1924-c13-group\" href='https:\/\/caroleclero.com\/wp-content\/uploads\/2025\/11\/APRES.jpg'><img loading=\"lazy\" decoding=\"async\"  width=\"1200\" height=\"584\" src=\"https:\/\/caroleclero.com\/wp-content\/uploads\/2025\/11\/APRES.jpg\"  class='colibri-1924-c13-image' alt=\"\" aria-describedby=\"gallery-1-1991\" srcset=\"https:\/\/caroleclero.com\/wp-content\/uploads\/2025\/11\/APRES.jpg 1200w, https:\/\/caroleclero.com\/wp-content\/uploads\/2025\/11\/APRES-300x146.jpg 300w, https:\/\/caroleclero.com\/wp-content\/uploads\/2025\/11\/APRES-1024x498.jpg 1024w, https:\/\/caroleclero.com\/wp-content\/uploads\/2025\/11\/APRES-768x374.jpg 768w\" sizes=\"auto, (max-width: 1200px) 100vw, 1200px\" \/><\/a>\n\t\t\t<\/dt>\n\t\t\t\t<div class=\"gallery-caption__wrapper\"><dd class='wp-caption-text gallery-caption' id='gallery-1-1991'>\n\t\t\t\tLa photo APRES.jpg a \u00e9t\u00e9 r\u00e9duite de 85.51 % le Jeudi 25 Novembre 2021 \u00e0 11:11 par Photo R\u00e9ducteur v4.10 \u00e0 t\u00e9l\u00e9charger sur https:\/\/www.emjysoft.com\/\n\t\t\t\t<\/dd><\/div><\/dl><dl class='gallery-item masonry-item'>\n\t\t\t<dt class='gallery-icon landscape'>\n\t\t\t\t<a data-fancybox=\"colibri-1924-c13-group\" href='https:\/\/caroleclero.com\/wp-content\/uploads\/2025\/11\/Vue-interieur-travaux.jpg'><img loading=\"lazy\" decoding=\"async\"  width=\"1200\" height=\"496\" src=\"https:\/\/caroleclero.com\/wp-content\/uploads\/2025\/11\/Vue-interieur-travaux.jpg\"  class='colibri-1924-c13-image' alt=\"\" srcset=\"https:\/\/caroleclero.com\/wp-content\/uploads\/2025\/11\/Vue-interieur-travaux.jpg 1200w, https:\/\/caroleclero.com\/wp-content\/uploads\/2025\/11\/Vue-interieur-travaux-300x124.jpg 300w, https:\/\/caroleclero.com\/wp-content\/uploads\/2025\/11\/Vue-interieur-travaux-1024x423.jpg 1024w, https:\/\/caroleclero.com\/wp-content\/uploads\/2025\/11\/Vue-interieur-travaux-768x317.jpg 768w\" sizes=\"auto, (max-width: 1200px) 100vw, 1200px\" \/><\/a>\n\t\t\t<\/dt><\/dl><dl class='gallery-item masonry-item'>\n\t\t\t<dt class='gallery-icon landscape'>\n\t\t\t\t<a data-fancybox=\"colibri-1924-c13-group\" href='https:\/\/caroleclero.com\/wp-content\/uploads\/2025\/11\/6-apres.jpg'><img loading=\"lazy\" decoding=\"async\"  width=\"1200\" height=\"642\" src=\"https:\/\/caroleclero.com\/wp-content\/uploads\/2025\/11\/6-apres.jpg\"  class='colibri-1924-c13-image' alt=\"\" aria-describedby=\"gallery-1-2019\" srcset=\"https:\/\/caroleclero.com\/wp-content\/uploads\/2025\/11\/6-apres.jpg 1200w, https:\/\/caroleclero.com\/wp-content\/uploads\/2025\/11\/6-apres-300x161.jpg 300w, https:\/\/caroleclero.com\/wp-content\/uploads\/2025\/11\/6-apres-1024x548.jpg 1024w, https:\/\/caroleclero.com\/wp-content\/uploads\/2025\/11\/6-apres-768x411.jpg 768w\" sizes=\"auto, (max-width: 1200px) 100vw, 1200px\" \/><\/a>\n\t\t\t<\/dt>\n\t\t\t\t<div class=\"gallery-caption__wrapper\"><dd class='wp-caption-text gallery-caption' id='gallery-1-2019'>\n\t\t\t\tLa photo 6-apr\u00e8s.jpg a \u00e9t\u00e9 r\u00e9duite de 95.93 % le Jeudi 25 Novembre 2021 \u00e0 11:11 par Photo R\u00e9ducteur v4.10 \u00e0 t\u00e9l\u00e9charger sur https:\/\/www.emjysoft.com\/\n\t\t\t\t<\/dd><\/div><\/dl><dl class='gallery-item masonry-item'>\n\t\t\t<dt class='gallery-icon landscape'>\n\t\t\t\t<a data-fancybox=\"colibri-1924-c13-group\" href='https:\/\/caroleclero.com\/wp-content\/uploads\/2025\/11\/Escalier-pendant-travaux.jpg'><img loading=\"lazy\" decoding=\"async\"  width=\"1200\" height=\"1182\" src=\"https:\/\/caroleclero.com\/wp-content\/uploads\/2025\/11\/Escalier-pendant-travaux.jpg\"  class='colibri-1924-c13-image' alt=\"\" srcset=\"https:\/\/caroleclero.com\/wp-content\/uploads\/2025\/11\/Escalier-pendant-travaux.jpg 1200w, https:\/\/caroleclero.com\/wp-content\/uploads\/2025\/11\/Escalier-pendant-travaux-300x296.jpg 300w, https:\/\/caroleclero.com\/wp-content\/uploads\/2025\/11\/Escalier-pendant-travaux-1024x1009.jpg 1024w, https:\/\/caroleclero.com\/wp-content\/uploads\/2025\/11\/Escalier-pendant-travaux-768x756.jpg 768w\" sizes=\"auto, (max-width: 1200px) 100vw, 1200px\" \/><\/a>\n\t\t\t<\/dt><\/dl><dl class='gallery-item masonry-item'>\n\t\t\t<dt class='gallery-icon portrait'>\n\t\t\t\t<a data-fancybox=\"colibri-1924-c13-group\" href='https:\/\/caroleclero.com\/wp-content\/uploads\/2025\/11\/couloir-rdc.jpg'><img loading=\"lazy\" decoding=\"async\"  width=\"764\" height=\"1168\" src=\"https:\/\/caroleclero.com\/wp-content\/uploads\/2025\/11\/couloir-rdc.jpg\"  class='colibri-1924-c13-image' alt=\"\" aria-describedby=\"gallery-1-2014\" srcset=\"https:\/\/caroleclero.com\/wp-content\/uploads\/2025\/11\/couloir-rdc.jpg 764w, https:\/\/caroleclero.com\/wp-content\/uploads\/2025\/11\/couloir-rdc-196x300.jpg 196w, https:\/\/caroleclero.com\/wp-content\/uploads\/2025\/11\/couloir-rdc-670x1024.jpg 670w\" sizes=\"auto, (max-width: 764px) 100vw, 764px\" \/><\/a>\n\t\t\t<\/dt>\n\t\t\t\t<div class=\"gallery-caption__wrapper\"><dd class='wp-caption-text gallery-caption' id='gallery-1-2014'>\n\t\t\t\tLa photo couloir rdc.jpg a \u00e9t\u00e9 r\u00e9duite de 97.79 % le Vendredi 28 Janvier 2022 \u00e0 15:01 par Photo R\u00e9ducteur v4.10 \u00e0 t\u00e9l\u00e9charger sur https:\/\/www.emjysoft.com\/\n\t\t\t\t<\/dd><\/div><\/dl><dl class='gallery-item masonry-item'>\n\t\t\t<dt class='gallery-icon portrait'>\n\t\t\t\t<a data-fancybox=\"colibri-1924-c13-group\" href='https:\/\/caroleclero.com\/wp-content\/uploads\/2025\/11\/Escalier.jpg'><img loading=\"lazy\" decoding=\"async\"  width=\"412\" height=\"1200\" src=\"https:\/\/caroleclero.com\/wp-content\/uploads\/2025\/11\/Escalier.jpg\"  class='colibri-1924-c13-image' alt=\"\" srcset=\"https:\/\/caroleclero.com\/wp-content\/uploads\/2025\/11\/Escalier.jpg 412w, https:\/\/caroleclero.com\/wp-content\/uploads\/2025\/11\/Escalier-103x300.jpg 103w, https:\/\/caroleclero.com\/wp-content\/uploads\/2025\/11\/Escalier-352x1024.jpg 352w\" sizes=\"auto, (max-width: 412px) 100vw, 412px\" \/><\/a>\n\t\t\t<\/dt><\/dl><dl class='gallery-item masonry-item'>\n\t\t\t<dt class='gallery-icon portrait'>\n\t\t\t\t<a data-fancybox=\"colibri-1924-c13-group\" href='https:\/\/caroleclero.com\/wp-content\/uploads\/2025\/11\/Fenetres-de-toit.jpg'><img loading=\"lazy\" decoding=\"async\"  width=\"675\" height=\"1200\" src=\"https:\/\/caroleclero.com\/wp-content\/uploads\/2025\/11\/Fenetres-de-toit.jpg\"  class='colibri-1924-c13-image' alt=\"\" srcset=\"https:\/\/caroleclero.com\/wp-content\/uploads\/2025\/11\/Fenetres-de-toit.jpg 675w, https:\/\/caroleclero.com\/wp-content\/uploads\/2025\/11\/Fenetres-de-toit-169x300.jpg 169w, https:\/\/caroleclero.com\/wp-content\/uploads\/2025\/11\/Fenetres-de-toit-576x1024.jpg 576w\" sizes=\"auto, (max-width: 675px) 100vw, 675px\" \/><\/a>\n\t\t\t<\/dt><\/dl><dl class='gallery-item masonry-item'>\n\t\t\t<dt class='gallery-icon portrait'>\n\t\t\t\t<a data-fancybox=\"colibri-1924-c13-group\" href='https:\/\/caroleclero.com\/wp-content\/uploads\/2025\/11\/Escalier-avec-fenetres-de-toit.jpg'><img loading=\"lazy\" decoding=\"async\"  width=\"675\" height=\"1200\" src=\"https:\/\/caroleclero.com\/wp-content\/uploads\/2025\/11\/Escalier-avec-fenetres-de-toit.jpg\"  class='colibri-1924-c13-image' alt=\"\" srcset=\"https:\/\/caroleclero.com\/wp-content\/uploads\/2025\/11\/Escalier-avec-fenetres-de-toit.jpg 675w, https:\/\/caroleclero.com\/wp-content\/uploads\/2025\/11\/Escalier-avec-fenetres-de-toit-169x300.jpg 169w, https:\/\/caroleclero.com\/wp-content\/uploads\/2025\/11\/Escalier-avec-fenetres-de-toit-576x1024.jpg 576w\" sizes=\"auto, (max-width: 675px) 100vw, 675px\" \/><\/a>\n\t\t\t<\/dt><\/dl><dl class='gallery-item masonry-item'>\n\t\t\t<dt class='gallery-icon portrait'>\n\t\t\t\t<a data-fancybox=\"colibri-1924-c13-group\" href='https:\/\/caroleclero.com\/wp-content\/uploads\/2025\/11\/Bas-de-lescalier.jpg'><img loading=\"lazy\" decoding=\"async\"  width=\"1071\" height=\"1200\" src=\"https:\/\/caroleclero.com\/wp-content\/uploads\/2025\/11\/Bas-de-lescalier.jpg\"  class='colibri-1924-c13-image' alt=\"\" aria-describedby=\"gallery-1-2013\" srcset=\"https:\/\/caroleclero.com\/wp-content\/uploads\/2025\/11\/Bas-de-lescalier.jpg 1071w, https:\/\/caroleclero.com\/wp-content\/uploads\/2025\/11\/Bas-de-lescalier-268x300.jpg 268w, https:\/\/caroleclero.com\/wp-content\/uploads\/2025\/11\/Bas-de-lescalier-914x1024.jpg 914w, https:\/\/caroleclero.com\/wp-content\/uploads\/2025\/11\/Bas-de-lescalier-768x861.jpg 768w\" sizes=\"auto, (max-width: 1071px) 100vw, 1071px\" \/><\/a>\n\t\t\t<\/dt>\n\t\t\t\t<div class=\"gallery-caption__wrapper\"><dd class='wp-caption-text gallery-caption' id='gallery-1-2013'>\n\t\t\t\tLa photo Bas de l&#8217;escalier.jpg a \u00e9t\u00e9 r\u00e9duite de 94.64 % le Vendredi 28 Janvier 2022 \u00e0 15:01 par Photo R\u00e9ducteur v4.10 \u00e0 t\u00e9l\u00e9charger sur https:\/\/www.emjysoft.com\/\n\t\t\t\t<\/dd><\/div><\/dl><dl class='gallery-item masonry-item'>\n\t\t\t<dt class='gallery-icon landscape'>\n\t\t\t\t<a data-fancybox=\"colibri-1924-c13-group\" href='https:\/\/caroleclero.com\/wp-content\/uploads\/2025\/11\/Cuisine-APRES.jpg'><img loading=\"lazy\" decoding=\"async\"  width=\"1200\" height=\"759\" src=\"https:\/\/caroleclero.com\/wp-content\/uploads\/2025\/11\/Cuisine-APRES.jpg\"  class='colibri-1924-c13-image' alt=\"\" aria-describedby=\"gallery-1-2020\" srcset=\"https:\/\/caroleclero.com\/wp-content\/uploads\/2025\/11\/Cuisine-APRES.jpg 1200w, https:\/\/caroleclero.com\/wp-content\/uploads\/2025\/11\/Cuisine-APRES-300x190.jpg 300w, https:\/\/caroleclero.com\/wp-content\/uploads\/2025\/11\/Cuisine-APRES-1024x648.jpg 1024w, https:\/\/caroleclero.com\/wp-content\/uploads\/2025\/11\/Cuisine-APRES-768x486.jpg 768w\" sizes=\"auto, (max-width: 1200px) 100vw, 1200px\" \/><\/a>\n\t\t\t<\/dt>\n\t\t\t\t<div class=\"gallery-caption__wrapper\"><dd class='wp-caption-text gallery-caption' id='gallery-1-2020'>\n\t\t\t\tLa photo Cuisine APRES.jpg a \u00e9t\u00e9 r\u00e9duite de 95.02 % le Vendredi 28 Janvier 2022 \u00e0 15:01 par Photo R\u00e9ducteur v4.10 \u00e0 t\u00e9l\u00e9charger sur https:\/\/www.emjysoft.com\/\n\t\t\t\t<\/dd><\/div><\/dl><dl class='gallery-item masonry-item'>\n\t\t\t<dt class='gallery-icon landscape'>\n\t\t\t\t<a data-fancybox=\"colibri-1924-c13-group\" href='https:\/\/caroleclero.com\/wp-content\/uploads\/2025\/11\/Salle-a-manger.jpg'><img loading=\"lazy\" decoding=\"async\"  width=\"1200\" height=\"521\" src=\"https:\/\/caroleclero.com\/wp-content\/uploads\/2025\/11\/Salle-a-manger.jpg\"  class='colibri-1924-c13-image' alt=\"\" srcset=\"https:\/\/caroleclero.com\/wp-content\/uploads\/2025\/11\/Salle-a-manger.jpg 1200w, https:\/\/caroleclero.com\/wp-content\/uploads\/2025\/11\/Salle-a-manger-300x130.jpg 300w, https:\/\/caroleclero.com\/wp-content\/uploads\/2025\/11\/Salle-a-manger-1024x445.jpg 1024w, https:\/\/caroleclero.com\/wp-content\/uploads\/2025\/11\/Salle-a-manger-768x333.jpg 768w\" sizes=\"auto, (max-width: 1200px) 100vw, 1200px\" \/><\/a>\n\t\t\t<\/dt><\/dl><dl class='gallery-item masonry-item'>\n\t\t\t<dt class='gallery-icon landscape'>\n\t\t\t\t<a data-fancybox=\"colibri-1924-c13-group\" href='https:\/\/caroleclero.com\/wp-content\/uploads\/2025\/11\/SALON-2.jpg'><img loading=\"lazy\" decoding=\"async\"  width=\"1200\" height=\"931\" src=\"https:\/\/caroleclero.com\/wp-content\/uploads\/2025\/11\/SALON-2.jpg\"  class='colibri-1924-c13-image' alt=\"\" srcset=\"https:\/\/caroleclero.com\/wp-content\/uploads\/2025\/11\/SALON-2.jpg 1200w, https:\/\/caroleclero.com\/wp-content\/uploads\/2025\/11\/SALON-2-300x233.jpg 300w, https:\/\/caroleclero.com\/wp-content\/uploads\/2025\/11\/SALON-2-1024x794.jpg 1024w, https:\/\/caroleclero.com\/wp-content\/uploads\/2025\/11\/SALON-2-768x596.jpg 768w\" sizes=\"auto, (max-width: 1200px) 100vw, 1200px\" \/><\/a>\n\t\t\t<\/dt><\/dl><dl class='gallery-item masonry-item'>\n\t\t\t<dt class='gallery-icon landscape'>\n\t\t\t\t<a data-fancybox=\"colibri-1924-c13-group\" href='https:\/\/caroleclero.com\/wp-content\/uploads\/2025\/11\/Vue-interieure-salon-cuisine-S-a-manger.jpg'><img loading=\"lazy\" decoding=\"async\"  width=\"1200\" height=\"640\" src=\"https:\/\/caroleclero.com\/wp-content\/uploads\/2025\/11\/Vue-interieure-salon-cuisine-S-a-manger.jpg\"  class='colibri-1924-c13-image' alt=\"\" srcset=\"https:\/\/caroleclero.com\/wp-content\/uploads\/2025\/11\/Vue-interieure-salon-cuisine-S-a-manger.jpg 1200w, https:\/\/caroleclero.com\/wp-content\/uploads\/2025\/11\/Vue-interieure-salon-cuisine-S-a-manger-300x160.jpg 300w, https:\/\/caroleclero.com\/wp-content\/uploads\/2025\/11\/Vue-interieure-salon-cuisine-S-a-manger-1024x546.jpg 1024w, https:\/\/caroleclero.com\/wp-content\/uploads\/2025\/11\/Vue-interieure-salon-cuisine-S-a-manger-768x410.jpg 768w\" sizes=\"auto, (max-width: 1200px) 100vw, 1200px\" \/><\/a>\n\t\t\t<\/dt><\/dl><dl class='gallery-item masonry-item'>\n\t\t\t<dt class='gallery-icon landscape'>\n\t\t\t\t<a data-fancybox=\"colibri-1924-c13-group\" href='https:\/\/caroleclero.com\/wp-content\/uploads\/2025\/11\/chambre-rdc-APRES.jpg'><img loading=\"lazy\" decoding=\"async\"  width=\"1200\" height=\"891\" src=\"https:\/\/caroleclero.com\/wp-content\/uploads\/2025\/11\/chambre-rdc-APRES.jpg\"  class='colibri-1924-c13-image' alt=\"\" aria-describedby=\"gallery-1-2035\" srcset=\"https:\/\/caroleclero.com\/wp-content\/uploads\/2025\/11\/chambre-rdc-APRES.jpg 1200w, https:\/\/caroleclero.com\/wp-content\/uploads\/2025\/11\/chambre-rdc-APRES-300x223.jpg 300w, https:\/\/caroleclero.com\/wp-content\/uploads\/2025\/11\/chambre-rdc-APRES-1024x760.jpg 1024w, https:\/\/caroleclero.com\/wp-content\/uploads\/2025\/11\/chambre-rdc-APRES-768x570.jpg 768w\" sizes=\"auto, (max-width: 1200px) 100vw, 1200px\" \/><\/a>\n\t\t\t<\/dt>\n\t\t\t\t<div class=\"gallery-caption__wrapper\"><dd class='wp-caption-text gallery-caption' id='gallery-1-2035'>\n\t\t\t\tLa photo chambre rdc APRES.jpg a \u00e9t\u00e9 r\u00e9duite de 94.21 % le Vendredi 28 Janvier 2022 \u00e0 15:01 par Photo R\u00e9ducteur v4.10 \u00e0 t\u00e9l\u00e9charger sur https:\/\/www.emjysoft.com\/\n\t\t\t\t<\/dd><\/div><\/dl><dl class='gallery-item masonry-item'>\n\t\t\t<dt class='gallery-icon landscape'>\n\t\t\t\t<a data-fancybox=\"colibri-1924-c13-group\" href='https:\/\/caroleclero.com\/wp-content\/uploads\/2025\/11\/Chambre-enfant.jpg'><img loading=\"lazy\" decoding=\"async\"  width=\"1200\" height=\"589\" src=\"https:\/\/caroleclero.com\/wp-content\/uploads\/2025\/11\/Chambre-enfant.jpg\"  class='colibri-1924-c13-image' alt=\"\" aria-describedby=\"gallery-1-2033\" srcset=\"https:\/\/caroleclero.com\/wp-content\/uploads\/2025\/11\/Chambre-enfant.jpg 1200w, https:\/\/caroleclero.com\/wp-content\/uploads\/2025\/11\/Chambre-enfant-300x147.jpg 300w, https:\/\/caroleclero.com\/wp-content\/uploads\/2025\/11\/Chambre-enfant-1024x503.jpg 1024w, https:\/\/caroleclero.com\/wp-content\/uploads\/2025\/11\/Chambre-enfant-768x377.jpg 768w\" sizes=\"auto, (max-width: 1200px) 100vw, 1200px\" \/><\/a>\n\t\t\t<\/dt>\n\t\t\t\t<div class=\"gallery-caption__wrapper\"><dd class='wp-caption-text gallery-caption' id='gallery-1-2033'>\n\t\t\t\tLa photo Chambre enfant.jpg a \u00e9t\u00e9 r\u00e9duite de 97.32 % le Vendredi 28 Janvier 2022 \u00e0 15:01 par Photo R\u00e9ducteur v4.10 \u00e0 t\u00e9l\u00e9charger sur https:\/\/www.emjysoft.com\/\n\t\t\t\t<\/dd><\/div><\/dl><dl class='gallery-item masonry-item'>\n\t\t\t<dt class='gallery-icon landscape'>\n\t\t\t\t<a data-fancybox=\"colibri-1924-c13-group\" href='https:\/\/caroleclero.com\/wp-content\/uploads\/2025\/11\/Chambre-Etage-en-sous-pente.jpg'><img loading=\"lazy\" decoding=\"async\"  width=\"1200\" height=\"714\" src=\"https:\/\/caroleclero.com\/wp-content\/uploads\/2025\/11\/Chambre-Etage-en-sous-pente.jpg\"  class='colibri-1924-c13-image' alt=\"\" aria-describedby=\"gallery-1-2034\" srcset=\"https:\/\/caroleclero.com\/wp-content\/uploads\/2025\/11\/Chambre-Etage-en-sous-pente.jpg 1200w, https:\/\/caroleclero.com\/wp-content\/uploads\/2025\/11\/Chambre-Etage-en-sous-pente-300x179.jpg 300w, https:\/\/caroleclero.com\/wp-content\/uploads\/2025\/11\/Chambre-Etage-en-sous-pente-1024x609.jpg 1024w, https:\/\/caroleclero.com\/wp-content\/uploads\/2025\/11\/Chambre-Etage-en-sous-pente-768x457.jpg 768w\" sizes=\"auto, (max-width: 1200px) 100vw, 1200px\" \/><\/a>\n\t\t\t<\/dt>\n\t\t\t\t<div class=\"gallery-caption__wrapper\"><dd class='wp-caption-text gallery-caption' id='gallery-1-2034'>\n\t\t\t\tLa photo Chambre Etage en sous pente.jpg a \u00e9t\u00e9 r\u00e9duite de 96.12 % le Vendredi 28 Janvier 2022 \u00e0 15:01 par Photo R\u00e9ducteur v4.10 \u00e0 t\u00e9l\u00e9charger sur https:\/\/www.emjysoft.com\/\n\t\t\t\t<\/dd><\/div><\/dl><dl class='gallery-item masonry-item'>\n\t\t\t<dt class='gallery-icon landscape'>\n\t\t\t\t<a data-fancybox=\"colibri-1924-c13-group\" href='https:\/\/caroleclero.com\/wp-content\/uploads\/2025\/11\/salle-de-bain-etage.jpg'><img loading=\"lazy\" decoding=\"async\"  width=\"1200\" height=\"1011\" src=\"https:\/\/caroleclero.com\/wp-content\/uploads\/2025\/11\/salle-de-bain-etage.jpg\"  class='colibri-1924-c13-image' alt=\"\" srcset=\"https:\/\/caroleclero.com\/wp-content\/uploads\/2025\/11\/salle-de-bain-etage.jpg 1200w, https:\/\/caroleclero.com\/wp-content\/uploads\/2025\/11\/salle-de-bain-etage-300x253.jpg 300w, https:\/\/caroleclero.com\/wp-content\/uploads\/2025\/11\/salle-de-bain-etage-1024x863.jpg 1024w, https:\/\/caroleclero.com\/wp-content\/uploads\/2025\/11\/salle-de-bain-etage-768x647.jpg 768w\" sizes=\"auto, (max-width: 1200px) 100vw, 1200px\" \/><\/a>\n\t\t\t<\/dt><\/dl><dl class='gallery-item masonry-item'>\n\t\t\t<dt class='gallery-icon landscape'>\n\t\t\t\t<a data-fancybox=\"colibri-1924-c13-group\" href='https:\/\/caroleclero.com\/wp-content\/uploads\/2025\/11\/Charpente-2.jpg'><img loading=\"lazy\" decoding=\"async\"  width=\"720\" height=\"405\" src=\"https:\/\/caroleclero.com\/wp-content\/uploads\/2025\/11\/Charpente-2.jpg\"  class='colibri-1924-c13-image' alt=\"\" aria-describedby=\"gallery-1-1992\" srcset=\"https:\/\/caroleclero.com\/wp-content\/uploads\/2025\/11\/Charpente-2.jpg 720w, https:\/\/caroleclero.com\/wp-content\/uploads\/2025\/11\/Charpente-2-300x169.jpg 300w\" sizes=\"auto, (max-width: 720px) 100vw, 720px\" \/><\/a>\n\t\t\t<\/dt>\n\t\t\t\t<div class=\"gallery-caption__wrapper\"><dd class='wp-caption-text gallery-caption' id='gallery-1-1992'>\n\t\t\t\tLa photo Charpente (2).jpg a \u00e9t\u00e9 r\u00e9duite de 55.42 % le Vendredi 28 Janvier 2022 \u00e0 15:01 par Photo R\u00e9ducteur v4.10 \u00e0 t\u00e9l\u00e9charger sur https:\/\/www.emjysoft.com\/\n\t\t\t\t<\/dd><\/div><\/dl><dl class='gallery-item masonry-item'>\n\t\t\t<dt class='gallery-icon landscape'>\n\t\t\t\t<a data-fancybox=\"colibri-1924-c13-group\" href='https:\/\/caroleclero.com\/wp-content\/uploads\/2025\/11\/Creation-extension-etage.jpg'><img loading=\"lazy\" decoding=\"async\"  width=\"720\" height=\"405\" src=\"https:\/\/caroleclero.com\/wp-content\/uploads\/2025\/11\/Creation-extension-etage.jpg\"  class='colibri-1924-c13-image' alt=\"\" aria-describedby=\"gallery-1-1995\" srcset=\"https:\/\/caroleclero.com\/wp-content\/uploads\/2025\/11\/Creation-extension-etage.jpg 720w, https:\/\/caroleclero.com\/wp-content\/uploads\/2025\/11\/Creation-extension-etage-300x169.jpg 300w\" sizes=\"auto, (max-width: 720px) 100vw, 720px\" \/><\/a>\n\t\t\t<\/dt>\n\t\t\t\t<div class=\"gallery-caption__wrapper\"><dd class='wp-caption-text gallery-caption' id='gallery-1-1995'>\n\t\t\t\tLa photo Cr\u00e9ation extension etage.jpg a \u00e9t\u00e9 r\u00e9duite de 51.38 % le Vendredi 28 Janvier 2022 \u00e0 15:01 par Photo R\u00e9ducteur v4.10 \u00e0 t\u00e9l\u00e9charger sur https:\/\/www.emjysoft.com\/\n\t\t\t\t<\/dd><\/div><\/dl><dl class='gallery-item masonry-item'>\n\t\t\t<dt class='gallery-icon landscape'>\n\t\t\t\t<a data-fancybox=\"colibri-1924-c13-group\" href='https:\/\/caroleclero.com\/wp-content\/uploads\/2025\/11\/travaux-extension-etage.jpg'><img loading=\"lazy\" decoding=\"async\"  width=\"1200\" height=\"894\" src=\"https:\/\/caroleclero.com\/wp-content\/uploads\/2025\/11\/travaux-extension-etage.jpg\"  class='colibri-1924-c13-image' alt=\"\" srcset=\"https:\/\/caroleclero.com\/wp-content\/uploads\/2025\/11\/travaux-extension-etage.jpg 1200w, https:\/\/caroleclero.com\/wp-content\/uploads\/2025\/11\/travaux-extension-etage-300x224.jpg 300w, https:\/\/caroleclero.com\/wp-content\/uploads\/2025\/11\/travaux-extension-etage-1024x763.jpg 1024w, https:\/\/caroleclero.com\/wp-content\/uploads\/2025\/11\/travaux-extension-etage-768x572.jpg 768w\" sizes=\"auto, (max-width: 1200px) 100vw, 1200px\" \/><\/a>\n\t\t\t<\/dt><\/dl><dl class='gallery-item masonry-item'>\n\t\t\t<dt class='gallery-icon landscape'>\n\t\t\t\t<a data-fancybox=\"colibri-1924-c13-group\" href='https:\/\/caroleclero.com\/wp-content\/uploads\/2025\/11\/Facade-APRES-fenetres-ouvertes.jpg'><img loading=\"lazy\" decoding=\"async\"  width=\"1200\" height=\"675\" src=\"https:\/\/caroleclero.com\/wp-content\/uploads\/2025\/11\/Facade-APRES-fenetres-ouvertes.jpg\"  class='colibri-1924-c13-image' alt=\"\" srcset=\"https:\/\/caroleclero.com\/wp-content\/uploads\/2025\/11\/Facade-APRES-fenetres-ouvertes.jpg 1200w, https:\/\/caroleclero.com\/wp-content\/uploads\/2025\/11\/Facade-APRES-fenetres-ouvertes-300x169.jpg 300w, https:\/\/caroleclero.com\/wp-content\/uploads\/2025\/11\/Facade-APRES-fenetres-ouvertes-1024x576.jpg 1024w, https:\/\/caroleclero.com\/wp-content\/uploads\/2025\/11\/Facade-APRES-fenetres-ouvertes-768x432.jpg 768w\" sizes=\"auto, (max-width: 1200px) 100vw, 1200px\" \/><\/a>\n\t\t\t<\/dt><\/dl>\n\t\t\t\n\t\t<\/div>\n<style>#colibri-1924-c13 .wp-caption-text.gallery-caption{display:none;}<\/style><\/div><\/div>\n                <\/div>\n              <\/div>\n            <\/div>\n          <\/div>\n        <\/div>\n      <\/div>\n    <\/div>\n  <\/div>\n<\/div>","protected":false},"excerpt":{"rendered":"<p>Constat La maison d\u00e9veloppe un surface vitr\u00e9e int\u00e9ressante en fa\u00e7ade Sud avec des [&hellip;]<\/p>\n","protected":false},"author":1,"featured_media":0,"parent":611,"menu_order":0,"comment_status":"closed","ping_status":"closed","template":"page-templates\/full-width-page.php","meta":{"footnotes":""},"class_list":["post-1924","page","type-page","status-publish","hentry"],"_links":{"self":[{"href":"https:\/\/caroleclero.com\/index.php\/wp-json\/wp\/v2\/pages\/1924","targetHints":{"allow":["GET"]}}],"collection":[{"href":"https:\/\/caroleclero.com\/index.php\/wp-json\/wp\/v2\/pages"}],"about":[{"href":"https:\/\/caroleclero.com\/index.php\/wp-json\/wp\/v2\/types\/page"}],"author":[{"embeddable":true,"href":"https:\/\/caroleclero.com\/index.php\/wp-json\/wp\/v2\/users\/1"}],"replies":[{"embeddable":true,"href":"https:\/\/caroleclero.com\/index.php\/wp-json\/wp\/v2\/comments?post=1924"}],"version-history":[{"count":20,"href":"https:\/\/caroleclero.com\/index.php\/wp-json\/wp\/v2\/pages\/1924\/revisions"}],"predecessor-version":[{"id":2866,"href":"https:\/\/caroleclero.com\/index.php\/wp-json\/wp\/v2\/pages\/1924\/revisions\/2866"}],"up":[{"embeddable":true,"href":"https:\/\/caroleclero.com\/index.php\/wp-json\/wp\/v2\/pages\/611"}],"wp:attachment":[{"href":"https:\/\/caroleclero.com\/index.php\/wp-json\/wp\/v2\/media?parent=1924"}],"curies":[{"name":"wp","href":"https:\/\/api.w.org\/{rel}","templated":true}]}}